{"id":214,"date":"2024-10-07T13:50:01","date_gmt":"2024-10-07T13:50:01","guid":{"rendered":"https:\/\/possp.pt\/?page_id=214"},"modified":"2026-04-06T15:24:08","modified_gmt":"2026-04-06T15:24:08","slug":"sfintii-de-langa-noi","status":"publish","type":"page","link":"https:\/\/possp.pt\/pt\/sfintii-de-langa-noi\/","title":{"rendered":"Santos pr\u00f3ximos de n\u00f3s"},"content":{"rendered":"<div class=\"brz brz-root__container brz-reset-all brz-root__container-page\">\n<section id=\"rvMEbCEOn6M8_rvMEbCEOn6M8\" class=\"brz-section brz-css-d-section brz-css-1mymarr\">\n<div class=\"brz-section__content brz-section--boxed brz-css-d-sectionitem-bg brz-css-1kmkk1t\" data-brz-custom-id=\"jspT9MobcOJh\">\n<div class=\"brz-container brz-css-d-sectionitem-container brz-css-1mjgq7d\">\n<div id=\"\" class=\"brz-css-d-wrapper brz-css-gb7ljk brz-wrapper\">\n<div class=\"brz-rich-text brz-rich-text__custom brz-css-d-richtext brz-css-18jtd1k\" data-brz-custom-id=\"v584JmrbiYES\">\n<div data-brz-translate-text=\"1\">\n<p class=\"brz-text-lg-center ql-align-center brz-fss-lg-px brz-fw-lg-400 brz-ls-lg-0 brz-lh-lg-1_3 brz-vfw-lg-400 brz-fwdth-lg-100 brz-fsft-lg-0 brz-tp-lg-empty brz-ff-playfair_display brz-ft-google brz-fs-lg-40 brz-css-bK7Rq\" data-generated-css=\"brz-css-g8uqk\" data-uniq-id=\"iwJEs\"><span>Sinaxarul Sfin\u021bilor care au vie\u021buit \u00een Portugalia<\/span><\/p>\n<\/div>\n<\/div>\n<\/div>\n<\/div>\n<\/div>\n<\/section>\n<section id=\"fbf6217e355deb7ff464_xhj39e4kWyYY\" class=\"brz-section brz-css-yz9ssu brz-css-d1k16r\">\n<div class=\"brz-section__content brz-section--boxed brz-css-rxn53r brz-css-1d0jqai\" data-brz-custom-id=\"pKOkel5BljAv\">\n<div class=\"brz-container brz-css-hzqwc5 brz-css-o8dfpf\">\n<div id=\"\" class=\"brz-css-16tjne8 brz-css-1yax994 brz-wrapper\">\n<div class=\"brz-rich-text brz-rich-text__custom brz-css-zxvuay brz-css-l2kqtl\" data-brz-custom-id=\"nNOAxv8ClIFY\">\n<div data-brz-translate-text=\"1\">\n<h2 class=\"brz-tp-lg-heading2 brz-css-xblFL\" data-generated-css=\"brz-css-a3JvM\" data-uniq-id=\"m8eoY\"><span>11 martie &#8211; Sf\u00e2ntul Torcuato, Episcop de Braga (719)<\/span><\/h2>\n<\/div>\n<\/div>\n<\/div>\n<div id=\"\" class=\"brz-css-16tjne8 brz-css-1suanzs brz-wrapper\">\n<div class=\"brz-rich-text brz-rich-text__custom brz-css-zxvuay brz-css-1sfwoya\" data-brz-custom-id=\"hP9niSiV3Znv\">\n<div data-brz-translate-text=\"1\">\n<p class=\"brz-fsft-lg-0 brz-fwdth-lg-100 brz-vfw-lg-400 brz-lh-lg-1_9 brz-ls-lg-0 brz-fw-lg-400 brz-fss-lg-px brz-fs-lg-16 brz-ft-google brz-ff-playfair_display brz-tp-lg-empty brz-text-lg-justify brz-css-y92h7\" data-generated-css=\"brz-css-df0cx\" data-uniq-id=\"c9Zdp\"><span>Martirizat de musulmani. Sfintele sale moa\u0219te se afl\u0103 \u00een biserica din Guimar\u00e3es.<\/span><\/p>\n<\/div>\n<\/div>\n<\/div>\n<\/div>\n<\/div>\n<\/section>\n<section id=\"5302f3f91d6f0b0a1688_kusxzu3ay5x3\" class=\"brz-section brz-css-mvv1g0 brz-css-tuehay\">\n<div class=\"brz-section__content brz-section--boxed brz-css-1fl6a9l brz-css-1rd610m\" data-brz-custom-id=\"ouHm8IK4ModS\">\n<div class=\"brz-container brz-css-1gl54jj brz-css-h94o3e\">\n<div id=\"\" class=\"brz-css-1t0wfyf brz-css-7xjt8b brz-wrapper\">\n<div class=\"brz-rich-text brz-rich-text__custom brz-css-1dnda6o brz-css-16cdxwy\" data-brz-custom-id=\"jvytPQLNj1fa\">\n<div data-brz-translate-text=\"1\">\n<h2 class=\"brz-tp-lg-heading2 brz-css-hUqGV\" data-uniq-id=\"lqN34\" data-generated-css=\"brz-css-hxn7H\"><span>2 aprilie &#8211; Sf\u00e2ntul Martin, arhiepiscop de Braga (580) <\/span><\/h2>\n<\/div>\n<\/div>\n<\/div>\n<div id=\"\" class=\"brz-css-1t0wfyf brz-css-rkh1t7 brz-wrapper\">\n<div class=\"brz-rich-text brz-rich-text__custom brz-css-1dnda6o brz-css-1pnbima\" data-brz-custom-id=\"wQFnGm8Q3yDg\">\n<div data-brz-translate-text=\"1\">\n<p class=\"brz-text-lg-justify brz-tp-lg-empty brz-ff-playfair_display brz-ft-google brz-fs-lg-16 brz-fss-lg-px brz-fw-lg-400 brz-ls-lg-0 brz-lh-lg-1_9 brz-vfw-lg-400 brz-fwdth-lg-100 brz-fsft-lg-0 brz-css-gxGd_\" data-uniq-id=\"c2GA6\" data-generated-css=\"brz-css-uuKRu\"><span>Sf\u00e2ntul Martin de Braga (\u00een portughez\u0103 cunoscut ca Martinho de Dume, cca. 520\u2013580 d.Hr.), cunoscut \u0219i sub numele de Sf\u00e2ntul Martin de Dumio, a fost un arhiepiscop al Bracarei Augusta din Gallaecia (actuala Braga, Portugalia), un misionar, un \u00eentemeietor de m\u0103n\u0103stiri \u0219i un scriitor bisericesc. Potrivit contemporanului s\u0103u, Sf\u00e2ntul Grigorie de Tours, Martin era \u201eplin de virtu\u021bi\u201d \u0219i \u201es-a instruit at\u00e2t de bine \u00een \u00eenv\u0103\u021b\u0103tur\u0103, \u00eenc\u00e2t a fost considerat al doilea dup\u0103 nimeni \u00een timpul vie\u021bii sale\u201d. A fost ulterior canonizat de Biserica Ortodox\u0103 pentru activitatea sa de convertire a locuitorilor din Gallaecia la Ortodoxie, primind supranumele de \u201eApostolul suavilor\u201d. <\/span><\/p>\n<p class=\"brz-text-lg-justify brz-tp-lg-empty brz-ff-playfair_display brz-ft-google brz-fs-lg-16 brz-fss-lg-px brz-fw-lg-400 brz-ls-lg-0 brz-lh-lg-1_9 brz-vfw-lg-400 brz-fwdth-lg-100 brz-fsft-lg-0 brz-css-t6HaO\" data-uniq-id=\"duka5\" data-generated-css=\"brz-css-w5PGC\"><span>Ziua sa de s\u0103rb\u0103toare este 2 aprilie. <\/span><\/p>\n<p class=\"brz-text-lg-justify brz-tp-lg-empty brz-ff-playfair_display brz-ft-google brz-fs-lg-16 brz-fss-lg-px brz-fw-lg-400 brz-ls-lg-0 brz-lh-lg-1_9 brz-vfw-lg-400 brz-fwdth-lg-100 brz-fsft-lg-0 brz-css-gjjSl\" data-uniq-id=\"rh7Hy\" data-generated-css=\"brz-css-zWkwN\"><span> <\/span><\/p>\n<p class=\"brz-text-lg-justify brz-tp-lg-empty brz-ff-playfair_display brz-ft-google brz-fs-lg-16 brz-fss-lg-px brz-fw-lg-400 brz-ls-lg-0 brz-lh-lg-1_9 brz-vfw-lg-400 brz-fwdth-lg-100 brz-fsft-lg-0 brz-css-vbV4R\" data-uniq-id=\"t86k1\" data-generated-css=\"brz-css-dMTWV\"><span>Sf\u00e2ntul Martin de Braga s-a n\u0103scut \u00een Pannonia, \u00een Europa Central\u0103, devenind mai apoi c\u0103lug\u0103r \u00een \u021aara Sf\u00e2nt\u0103. Sosirea sa \u00een Gallaecia (cca 550) a fost de o importan\u021b\u0103 istoric\u0103 semnificativ\u0103, deoarece a jucat un rol esen\u021bial \u00een convertirea suevilor de la credin\u021ba arian\u0103 la Ortodoxie. Acolo a fondat mai multe m\u0103n\u0103stiri, cea mai cunoscut\u0103 fiind cea de la Dumium (actualul Dume), situat\u0103 \u00een apropierea capitalei sueve, Braga. A devenit episcop al acestei regiuni \u0219i a participat la Primul Sinod local de la Braga \u00een anul 561 \u00een aceast\u0103 calitate. Ulterior, a fost ridicat la rangul de episcop mitropolitan al Brag\u0103i \u00eenainte de Al Doilea Sinod local de la Braga, pe care l-a prezidat \u00een 572, spre sf\u00e2r\u0219itul vie\u021bii sale.<\/span><\/p>\n<p class=\"brz-text-lg-justify brz-tp-lg-empty brz-ff-playfair_display brz-ft-google brz-fs-lg-16 brz-fss-lg-px brz-fw-lg-400 brz-ls-lg-0 brz-lh-lg-1_9 brz-vfw-lg-400 brz-fwdth-lg-100 brz-fsft-lg-0 brz-css-z0aoh\" data-uniq-id=\"eVtZ9\" data-generated-css=\"brz-css-aYIsy\"><span> <\/span><\/p>\n<p class=\"brz-text-lg-justify brz-tp-lg-empty brz-ff-playfair_display brz-ft-google brz-fs-lg-16 brz-fss-lg-px brz-fw-lg-400 brz-ls-lg-0 brz-lh-lg-1_9 brz-vfw-lg-400 brz-fwdth-lg-100 brz-fsft-lg-0 brz-css-tF8lg\" data-uniq-id=\"r7AyT\" data-generated-css=\"brz-css-k8uf6\"><span>Sf\u00e2ntul Martin de Braga a fost \u0219i un bun scriitor bisericesc. Pe l\u00e2ng\u0103 contribu\u021biile sale la cele dou\u0103 sinoade locale, a realizat numeroase traduceri din greac\u0103 \u0219i lucr\u0103ri originale \u00een latin\u0103. A tradus din greac\u0103 \u00een latin\u0103 o colec\u021bie de 109 Apoftegme (ziceri) ale P\u0103rin\u021bilor De\u0219ertului, produc\u00e2nd astfel o culegere cunoscut\u0103 sub numele de Sententiae patrum Aegyptiorum. Totodat\u0103, la ini\u021biativa sa, c\u0103lug\u0103rul Paschasius de Dumium a tradus o colec\u021bie mai mare de Apoftegme (ziceri), intitulat\u0103 Liber geronticon, pe care i-a dedicat-o Sf\u00e2ntului Martin. Sf\u00e2ntul Martin a realizat \u0219i o ampl\u0103 colec\u021bie de canoane biserice\u0219ti, majoritatea traduse din greac\u0103. Acestea au fost prezentate bisericii sueve \u00een cadrul celui de-al doilea Sinod de la Braga.<\/span><\/p>\n<p class=\"brz-text-lg-justify brz-tp-lg-empty brz-ff-playfair_display brz-ft-google brz-fs-lg-16 brz-fss-lg-px brz-fw-lg-400 brz-ls-lg-0 brz-lh-lg-1_9 brz-vfw-lg-400 brz-fwdth-lg-100 brz-fsft-lg-0 brz-css-zfis3\" data-uniq-id=\"vu2Nk\" data-generated-css=\"brz-css-ogn2w\"><span> <\/span><\/p>\n<p class=\"brz-text-lg-justify brz-tp-lg-empty brz-ff-playfair_display brz-ft-google brz-fs-lg-16 brz-fss-lg-px brz-fw-lg-400 brz-ls-lg-0 brz-lh-lg-1_9 brz-vfw-lg-400 brz-fwdth-lg-100 brz-fsft-lg-0 brz-css-c5P6Z\" data-uniq-id=\"tlFGr\" data-generated-css=\"brz-css-gVE00\"><span>Alte trei eseuri scurte despre etic\u0103 demonstreaz\u0103 c\u0103 Sf\u00e2ntul Martin cuno\u0219tea foarte bine lucr\u0103rile lui Sf\u00e2ntului Ioan Casian. Sf\u00e2ntul Martin a compus \u0219i poezie; Grigore de Tours men\u021bioneaz\u0103 c\u0103 el este autorul versurilor de pe portalul sudic al bisericii Sf\u00e2ntului Martin din Tours.<\/span><\/p>\n<p class=\"brz-text-lg-justify brz-tp-lg-empty brz-ff-playfair_display brz-ft-google brz-fs-lg-16 brz-fss-lg-px brz-fw-lg-400 brz-ls-lg-0 brz-lh-lg-1_9 brz-vfw-lg-400 brz-fwdth-lg-100 brz-fsft-lg-0 brz-css-lKzXx\" data-uniq-id=\"pF_0d\" data-generated-css=\"brz-css-nxp0F\"><span> <\/span><\/p>\n<p class=\"brz-text-lg-justify brz-tp-lg-empty brz-ff-playfair_display brz-ft-google brz-fs-lg-16 brz-fss-lg-px brz-fw-lg-400 brz-ls-lg-0 brz-lh-lg-1_9 brz-vfw-lg-400 brz-fwdth-lg-100 brz-fsft-lg-0 brz-css-gk5Ya\" data-uniq-id=\"mZcsO\" data-generated-css=\"brz-css-qDSGG\">R\u0103sp\u00e2ndirea cre\u0219tinismului printre iberici<\/p>\n<p class=\"brz-text-lg-justify brz-tp-lg-empty brz-ff-playfair_display brz-ft-google brz-fs-lg-16 brz-fss-lg-px brz-fw-lg-400 brz-ls-lg-0 brz-lh-lg-1_9 brz-vfw-lg-400 brz-fwdth-lg-100 brz-fsft-lg-0 brz-css-sWMYW\" data-uniq-id=\"ryaOG\" data-generated-css=\"brz-css-yDsXV\"><span> <\/span><\/p>\n<p class=\"brz-text-lg-justify brz-tp-lg-empty brz-ff-playfair_display brz-ft-google brz-fs-lg-16 brz-fss-lg-px brz-fw-lg-400 brz-ls-lg-0 brz-lh-lg-1_9 brz-vfw-lg-400 brz-fwdth-lg-100 brz-fsft-lg-0 brz-css-twS04\" data-uniq-id=\"r0fOw\" data-generated-css=\"brz-css-pwa_u\"><span>De\u0219i Sf\u00e2ntul Martin fusese format \u00een tradi\u021bia monahal\u0103 auster\u0103 a P\u0103rin\u021bilor Pustiei, el a fost foarte atent la m\u0103sura duhovniceasc\u0103 a ibericilor, iar pentru a primi mai u\u0219or \u00eenv\u0103\u021b\u0103tura de credin\u021b\u0103, le-a oferit nenum\u0103rate prilejuri de a o descoperi prin cateheze \u0219i discu\u021bii duhovnice\u0219ti.<\/span><\/p>\n<p class=\"brz-text-lg-justify brz-tp-lg-empty brz-ff-playfair_display brz-ft-google brz-fs-lg-16 brz-fss-lg-px brz-fw-lg-400 brz-ls-lg-0 brz-lh-lg-1_9 brz-vfw-lg-400 brz-fwdth-lg-100 brz-fsft-lg-0 brz-css-jhVrp\" data-uniq-id=\"bdbY3\" data-generated-css=\"brz-css-hPmlr\"><span>Predica sa a fost scris\u0103 \u00eentr-un stil simplu, folosind construc\u021bii gramaticale obi\u0219nuite \u0219i expresii populare, pentru a fi mai accesibil\u0103 oamenilor de r\u00e2nd.<\/span><\/p>\n<p class=\"brz-text-lg-justify brz-tp-lg-empty brz-ff-playfair_display brz-ft-google brz-fs-lg-16 brz-fss-lg-px brz-fw-lg-400 brz-ls-lg-0 brz-lh-lg-1_9 brz-vfw-lg-400 brz-fwdth-lg-100 brz-fsft-lg-0 brz-css-mzIhM\" data-uniq-id=\"u08R3\" data-generated-css=\"brz-css-saXOb\"><span> <\/span><\/p>\n<p class=\"brz-text-lg-justify brz-tp-lg-empty brz-ff-playfair_display brz-ft-google brz-fs-lg-16 brz-fss-lg-px brz-fw-lg-400 brz-ls-lg-0 brz-lh-lg-1_9 brz-vfw-lg-400 brz-fwdth-lg-100 brz-fsft-lg-0 brz-css-rbLB9\" data-uniq-id=\"rrGhl\" data-generated-css=\"brz-css-yIq_m\"><span>Influen\u021ba lingvistic\u0103<\/span><\/p>\n<p class=\"brz-text-lg-justify brz-tp-lg-empty brz-ff-playfair_display brz-ft-google brz-fs-lg-16 brz-fss-lg-px brz-fw-lg-400 brz-ls-lg-0 brz-lh-lg-1_9 brz-vfw-lg-400 brz-fwdth-lg-100 brz-fsft-lg-0 brz-css-aDSb7\" data-uniq-id=\"u5AAE\" data-generated-css=\"brz-css-d0eGl\"><span> <\/span><\/p>\n<p class=\"brz-text-lg-justify brz-tp-lg-empty brz-ff-playfair_display brz-ft-google brz-fs-lg-16 brz-fss-lg-px brz-fw-lg-400 brz-ls-lg-0 brz-lh-lg-1_9 brz-vfw-lg-400 brz-fwdth-lg-100 brz-fsft-lg-0 brz-css-w7FaV\" data-uniq-id=\"j2IHR\" data-generated-css=\"brz-css-lntxw\"><span>Sf\u00e2ntul Martin a respins obiceiul astrologic de anumi zilele s\u0103pt\u0103m\u00e2nii dup\u0103 zei (planete). Datorit\u0103 influen\u021bei sale, portugheza \u0219i galiciana (care, la acea vreme, erau o singur\u0103 limb\u0103) sunt singurele limbi romanice care au adoptat denumiri bazate pe numerale \u0219i \u00eenv\u0103\u021b\u0103tura ortodox\u0103, \u00een locul numelor cu r\u0103d\u0103cini astrologice.<\/span><\/p>\n<p class=\"brz-text-lg-justify brz-tp-lg-empty brz-ff-playfair_display brz-ft-google brz-fs-lg-16 brz-fss-lg-px brz-fw-lg-400 brz-ls-lg-0 brz-lh-lg-1_9 brz-vfw-lg-400 brz-fwdth-lg-100 brz-fsft-lg-0 brz-css-rYK08\" data-uniq-id=\"fmq5y\" data-generated-css=\"brz-css-rnaKf\"><span> <\/span><\/p>\n<p class=\"brz-text-lg-justify brz-tp-lg-empty brz-ff-playfair_display brz-ft-google brz-fs-lg-16 brz-fss-lg-px brz-fw-lg-400 brz-ls-lg-0 brz-lh-lg-1_9 brz-vfw-lg-400 brz-fwdth-lg-100 brz-fsft-lg-0 brz-css-sUKlh\" data-uniq-id=\"nkeLt\" data-generated-css=\"brz-css-sdRbu\"><span>Not\u0103: Galiciana modern\u0103 a revenit par\u021bial la nomenclatura p\u0103g\u00e2n\u0103.<\/span><\/p>\n<\/div>\n<\/div>\n<\/div>\n<\/div>\n<\/div>\n<\/section>\n<section id=\"e43759b53acd8cc38c80_falsnAASjIAf\" class=\"brz-section brz-css-1gz0svv brz-css-1toyx8e\">\n<div class=\"brz-section__content brz-section--boxed brz-css-18fn8hg brz-css-1btqb8q\" data-brz-custom-id=\"zP7Wi6xnznGi\">\n<div class=\"brz-container brz-css-bfmj28 brz-css-g7iueb\">\n<div id=\"\" class=\"brz-css-xh8lz4 brz-css-1g0wd2t brz-wrapper\">\n<div class=\"brz-rich-text brz-rich-text__custom brz-css-1h267gk brz-css-1h0zfn6\" data-brz-custom-id=\"xjSRj9Q3scpA\">\n<div data-brz-translate-text=\"1\">\n<h2 class=\"brz-tp-lg-heading2 brz-css-hdo77\" data-uniq-id=\"cO51p\" data-generated-css=\"brz-css-uh3Ub\"><span>8 aprilie &#8211; Sf\u00e2ntul Flavius din Porto (sec. VII)<\/span><\/h2>\n<\/div>\n<\/div>\n<\/div>\n<div id=\"\" class=\"brz-css-xh8lz4 brz-css-18xel2t brz-wrapper\">\n<div class=\"brz-rich-text brz-rich-text__custom brz-css-1h267gk brz-css-1x6c56k\" data-brz-custom-id=\"lDozb78nDrjw\">\n<div data-brz-translate-text=\"1\">\n<p class=\"brz-fsft-lg-0 brz-fwdth-lg-100 brz-vfw-lg-400 brz-lh-lg-1_9 brz-ls-lg-0 brz-fw-lg-400 brz-fss-lg-px brz-fs-lg-16 brz-ft-google brz-ff-playfair_display brz-tp-lg-empty brz-text-lg-justify brz-css-dCqsd\" data-generated-css=\"brz-css-i2n2_\" data-uniq-id=\"mN_NU\"><span>A luat parte la cel de-al 10-lea Consiliu de la Toledo (656). Este pr\u0103znuit conform a dou\u0103 calendare mozarabice.<\/span><\/p>\n<p class=\"brz-fsft-lg-0 brz-fwdth-lg-100 brz-vfw-lg-400 brz-lh-lg-1_9 brz-ls-lg-0 brz-fw-lg-400 brz-fss-lg-px brz-fs-lg-16 brz-ft-google brz-ff-playfair_display brz-tp-lg-empty brz-text-lg-justify brz-css-xsUwH\" data-generated-css=\"brz-css-urTo0\" data-uniq-id=\"z3Ca5\"><span>[73] Com, Etym Com &#8211; Lec\u021bionar. Paris. Nouv. acq. lat. 2171. (1067)<\/span><\/p>\n<p class=\"brz-fsft-lg-0 brz-fwdth-lg-100 brz-vfw-lg-400 brz-lh-lg-1_9 brz-ls-lg-0 brz-fw-lg-400 brz-fss-lg-px brz-fs-lg-16 brz-ft-google brz-ff-playfair_display brz-tp-lg-empty brz-text-lg-justify brz-css-pywYm\" data-generated-css=\"brz-css-e65lc\" data-uniq-id=\"xNYWG\"><span>Etym &#8211; Etymologias de san Isidoro. Paris, Nouv. acq. lat. 2169. (1072<\/span><\/p>\n<\/div>\n<\/div>\n<\/div>\n<\/div>\n<\/div>\n<\/section>\n<section id=\"7fbed4c7115db32bf41a_vcYmnoTccrzu\" class=\"brz-section brz-css-1swh23m brz-css-pcsxu4\">\n<div class=\"brz-section__content brz-section--boxed brz-css-19gsrgp brz-css-t1pyzo\" data-brz-custom-id=\"pv6nv9lphnBe\">\n<div class=\"brz-container brz-css-uee25x brz-css-5w7fkd\">\n<div id=\"\" class=\"brz-css-27c5ax brz-css-e3ieyl brz-wrapper\">\n<div class=\"brz-rich-text brz-rich-text__custom brz-css-1ngsutb brz-css-1or44om\" data-brz-custom-id=\"yJGUcKSDheu8\">\n<div data-brz-translate-text=\"1\">\n<h2 class=\"brz-tp-lg-heading2 brz-css-iTbay\" data-uniq-id=\"bBGbc\" data-generated-css=\"brz-css-y0BA5\"><span>22 aprilie &#8211; Sf\u00e2ntul Fructuosus, episcop de Braga (655)<\/span><\/h2>\n<\/div>\n<\/div>\n<\/div>\n<div id=\"\" class=\"brz-css-27c5ax brz-css-thp1f0 brz-wrapper\">\n<div class=\"brz-rich-text brz-rich-text__custom brz-css-1ngsutb brz-css-b6rj7g\" data-brz-custom-id=\"zGaMQAWZ0NJd\">\n<div data-brz-translate-text=\"1\">\n<p class=\"brz-fsft-lg-0 brz-fwdth-lg-100 brz-vfw-lg-400 brz-lh-lg-1_9 brz-ls-lg-0 brz-fw-lg-400 brz-fss-lg-px brz-fs-lg-16 brz-ft-google brz-ff-playfair_display brz-tp-lg-empty brz-text-lg-justify brz-css-nqUKc\" data-generated-css=\"brz-css-rq_f_\" data-uniq-id=\"sq0iS\"><span>Se presupune c\u0103 \u201eVita Fructuosi\u201d este scris\u0103 \u00eentre anii 670 \u0219i 680[80]. Figur\u0103 important\u0103 pentru via\u021ba monahal\u0103 din Spania, el a fost, de asemenea, autorul unei \u201eRegula Monachorum\u201d[81] De asemenea, se p\u0103streaz\u0103 dou\u0103 poezii ale sale[82] \u0219i dou\u0103 scrisori, adresate lui Braulius de Zaragoza[83] \u0219i regelui Recesvinto[84]. Prima men\u021biune a sf\u00e2ntului \u00een izvoarele liturgice este slujba \u00een cinstea sa din Antifonarul lui Leon. Braulio de Zaragoza i se adreseaz\u0103: \u201eO, cea mai sf\u00e2nt\u0103 glorie a Spaniei!\u201d[85]. Biserica construit\u0103 \u00een timpul vie\u021bii sale, unde a fost \u00eenmorm\u00e2ntat, \u00eei poart\u0103 numele cel pu\u021bin din 899[86]. Aceasta, foarte asem\u0103n\u0103toare cu mausoleul lui Galla Placidia din Ravenna, se afl\u0103 \u00een apropiere de Braga. Sfintele sale moa\u0219te au fost duse la Santiago \u00een 1102. O parte din ele se afl\u0103 \u00een capela moa\u0219telor. Un relicvar, returnat la Braga \u00een 1966, se afl\u0103 \u00een biserica S\u00e3o Jer\u00f3nimo de Real, o anex\u0103 ulterioar\u0103 a San Fructuoso de Mont\u00e9lios. \u00cen \u201eValea T\u0103cerii\u201d, la nord de Ponferrada, pute\u021bi vizita c\u00e2teva locuri din via\u021ba sf\u00e2ntului, inclusiv m\u0103n\u0103stirea abandonat\u0103 San Pedro de Montes. Data sa este s\u0103rb\u0103torit\u0103 pe 9 aprilie, conform misalului \u0219i breviarului mozarabic publicate \u00een 1500 \u0219i 1502. Conform c\u0103r\u021bilor liturgice ulterioare, data este 16 aprilie[87].<\/span><\/p>\n<\/div>\n<\/div>\n<\/div>\n<div id=\"\" class=\"brz-css-27c5ax brz-css-u043gs brz-wrapper\">\n<div class=\"brz-rich-text brz-rich-text__custom brz-css-1ngsutb brz-css-1d58dmp\" data-brz-custom-id=\"sUYXX7hTxucU\">\n<div data-brz-translate-text=\"1\">\n<p class=\"brz-text-lg-justify brz-tp-lg-empty brz-ff-playfair_display brz-ft-google brz-fs-lg-16 brz-fss-lg-px brz-fw-lg-400 brz-ls-lg-0 brz-lh-lg-1_9 brz-vfw-lg-400 brz-fwdth-lg-100 brz-fsft-lg-0 brz-css-qkuDY\" data-uniq-id=\"xYWxI\" data-generated-css=\"brz-css-fvibp\"><span>[80] Via\u021ba Sf\u00e2ntului Fructuosus de Braga. Studiu \u0219i edi\u021bie critic\u0103: D\u00edaz y D\u00edaz M.C. Braga, 1974.<\/span><\/p>\n<p class=\"brz-text-lg-justify brz-tp-lg-empty brz-ff-playfair_display brz-ft-google brz-fs-lg-16 brz-fss-lg-px brz-fw-lg-400 brz-ls-lg-0 brz-lh-lg-1_9 brz-vfw-lg-400 brz-fwdth-lg-100 brz-fsft-lg-0 brz-css-r3may\" data-uniq-id=\"sUOCu\" data-generated-css=\"brz-css-oEKBC\"><span>[81] Sfin\u021bii P\u0103rin\u021bi spanioli. \u0422. II: Sf\u00e2ntul Leandru, Sf\u00e2ntul Isidor, Sf\u00e2ntul Fructuosus. Reguli monastice din Spania vizigot\u0103. Cele trei c\u0103r\u021bi ale \u201eSentencias\u201d. Madrid, 1971. <\/span><\/p>\n<p class=\"brz-text-lg-justify brz-tp-lg-empty brz-ff-playfair_display brz-ft-google brz-fs-lg-16 brz-fss-lg-px brz-fw-lg-400 brz-ls-lg-0 brz-lh-lg-1_9 brz-vfw-lg-400 brz-fwdth-lg-100 brz-fsft-lg-0 brz-css-bJK7F\" data-uniq-id=\"qnhZy\" data-generated-css=\"brz-css-cplHL\"><span>[82] PL 87; 1129. <\/span><\/p>\n<p class=\"brz-text-lg-justify brz-tp-lg-empty brz-ff-playfair_display brz-ft-google brz-fs-lg-16 brz-fss-lg-px brz-fw-lg-400 brz-ls-lg-0 brz-lh-lg-1_9 brz-vfw-lg-400 brz-fwdth-lg-100 brz-fsft-lg-0 brz-css-su2K9\" data-uniq-id=\"kIeIH\" data-generated-css=\"brz-css-owdSq\"><span>[83] PL 80; 690. <\/span><\/p>\n<p class=\"brz-text-lg-justify brz-tp-lg-empty brz-ff-playfair_display brz-ft-google brz-fs-lg-16 brz-fss-lg-px brz-fw-lg-400 brz-ls-lg-0 brz-lh-lg-1_9 brz-vfw-lg-400 brz-fwdth-lg-100 brz-fsft-lg-0 brz-css-ceNUM\" data-uniq-id=\"qXk3w\" data-generated-css=\"brz-css-mcvzc\"><span>[84] Monumenta Germaniae Historica, Epist. vol. III. Berlin, 1892. P. 688.<\/span><\/p>\n<p class=\"brz-text-lg-justify brz-tp-lg-empty brz-ff-playfair_display brz-ft-google brz-fs-lg-16 brz-fss-lg-px brz-fw-lg-400 brz-ls-lg-0 brz-lh-lg-1_9 brz-vfw-lg-400 brz-fwdth-lg-100 brz-fsft-lg-0 brz-css-xlJ70\" data-uniq-id=\"fb12t\" data-generated-css=\"brz-css-i84Dp\"><span>[85] Epistola 44. PL. 80:693. <\/span><\/p>\n<p class=\"brz-text-lg-justify brz-tp-lg-empty brz-ff-playfair_display brz-ft-google brz-fs-lg-16 brz-fss-lg-px brz-fw-lg-400 brz-ls-lg-0 brz-lh-lg-1_9 brz-vfw-lg-400 brz-fwdth-lg-100 brz-fsft-lg-0 brz-css-rEgLz\" data-uniq-id=\"fa8JN\" data-generated-css=\"brz-css-lA4Jj\"><span>[86] Cantera Montenegro, S., Rodr\u00edguez de la Pe\u00f1a, A. Con\u0219tiin\u021ba hispanic\u0103 \u0219i tradi\u021bia monastic\u0103 \u00een Vita Fructuosi. \u00cen: Cuadernos de Estudios Gallegos. 2007, Vol. LIV, \u2116 120. P. 97. <\/span><\/p>\n<p class=\"brz-text-lg-justify brz-tp-lg-empty brz-ff-playfair_display brz-ft-google brz-fs-lg-16 brz-fss-lg-px brz-fw-lg-400 brz-ls-lg-0 brz-lh-lg-1_9 brz-vfw-lg-400 brz-fwdth-lg-100 brz-fsft-lg-0 brz-css-hYVzd\" data-uniq-id=\"z9mKc\" data-generated-css=\"brz-css-sVKKC\"><span>[87] Santi, F. Fructuosus de Braga. \u00cen: Dictionary of the Saints&#8230;. Vol. I. P. 891<\/span><\/p>\n<\/div>\n<\/div>\n<\/div>\n<\/div>\n<\/div>\n<\/section>\n<section id=\"4cd139e50a331a094186_b_ogX2bt2OBy\" class=\"brz-section brz-css-7wk2yh brz-css-1xh6zj6\">\n<div class=\"brz-section__content brz-section--boxed brz-css-15olrv6 brz-css-1hjievz\" data-brz-custom-id=\"y1N2l9CB2ReF\">\n<div class=\"brz-container brz-css-jz90sx brz-css-1aio7nj\">\n<div id=\"\" class=\"brz-css-l815ck brz-css-1mim61c brz-wrapper\">\n<div class=\"brz-rich-text brz-rich-text__custom brz-css-qmu1rb brz-css-1aq9yjk\" data-brz-custom-id=\"wIy0DiC5Rohl\">\n<div data-brz-translate-text=\"1\">\n<h2 class=\"brz-tp-lg-heading2 brz-css-lTuto\" data-uniq-id=\"txLpN\" data-generated-css=\"brz-css-t__RT\"><span>25 aprilie &#8211; Sf\u00e2ntul Victor din Braga, martir (c. 300)<\/span><\/h2>\n<\/div>\n<\/div>\n<\/div>\n<div id=\"\" class=\"brz-css-l815ck brz-css-1ig7m6z brz-wrapper\">\n<div class=\"brz-rich-text brz-rich-text__custom brz-css-qmu1rb brz-css-1img1jl\" data-brz-custom-id=\"tu8a9ogBIcKG\">\n<div data-brz-translate-text=\"1\">\n<p class=\"brz-fsft-lg-0 brz-fwdth-lg-100 brz-vfw-lg-400 brz-lh-lg-1_9 brz-ls-lg-0 brz-fw-lg-400 brz-fss-lg-px brz-fs-lg-16 brz-ft-google brz-ff-playfair_display brz-tp-lg-empty brz-text-lg-justify brz-css-jROEV\" data-generated-css=\"brz-css-cc7Xq\" data-uniq-id=\"u6iJk\"><span>Nu \u0219tim nimic despre el, \u00een afar\u0103 de numele s\u0103u \u00een patru calendare mozarabice[89].<\/span><\/p>\n<p class=\"brz-fsft-lg-0 brz-fwdth-lg-100 brz-vfw-lg-400 brz-lh-lg-1_9 brz-ls-lg-0 brz-fw-lg-400 brz-fss-lg-px brz-fs-lg-16 brz-ft-google brz-ff-playfair_display brz-tp-lg-empty brz-text-lg-justify brz-css-qu3r_\" data-generated-css=\"brz-css-fE5Gi\" data-uniq-id=\"fIlxX\"><span>Exist\u0103 o biseric\u0103 \u00een Braga dedicat\u0103 numelui s\u0103u.<\/span><\/p>\n<p class=\"brz-fsft-lg-0 brz-fwdth-lg-100 brz-vfw-lg-400 brz-lh-lg-1_9 brz-ls-lg-0 brz-fw-lg-400 brz-fss-lg-px brz-fs-lg-16 brz-ft-google brz-ff-playfair_display brz-tp-lg-empty brz-text-lg-justify brz-css-fut9z\" data-generated-css=\"brz-css-lr6V5\" data-uniq-id=\"eVSN5\"><span>[89] LOE &#8211; Liber Ordinum de Silos, Arch. Mon., cod. 4. (1052), Com, Etym, Frg1<\/span><\/p>\n<\/div>\n<\/div>\n<\/div>\n<\/div>\n<\/div>\n<\/section>\n<section id=\"cce08b3a36f5014616da_e5ZqAPW9fIL3\" class=\"brz-section brz-css-k7g182 brz-css-bqyteq\">\n<div class=\"brz-section__content brz-section--boxed brz-css-1cg9oji brz-css-1yyq9od\" data-brz-custom-id=\"hBr0DM_3L0JN\">\n<div class=\"brz-container brz-css-1u134hw brz-css-1qx6p27\">\n<div id=\"\" class=\"brz-css-1efr556 brz-css-7j672e brz-wrapper\">\n<div class=\"brz-rich-text brz-rich-text__custom brz-css-1gce3t brz-css-1gwjmja\" data-brz-custom-id=\"ipdnTCbnfrJm\">\n<div data-brz-translate-text=\"1\">\n<h2 class=\"brz-tp-lg-heading2 brz-css-aI1l2\" data-uniq-id=\"ull8k\" data-generated-css=\"brz-css-txR4M\"><span>9 septembrie &#8211; Sf\u00e2ntul Pimen de Asidonia (Medina Sidonia) VII-lea<\/span><\/h2>\n<\/div>\n<\/div>\n<\/div>\n<div id=\"\" class=\"brz-css-1efr556 brz-css-1xe6q7o brz-wrapper\">\n<div class=\"brz-rich-text brz-rich-text__custom brz-css-1gce3t brz-css-1d03573\" data-brz-custom-id=\"jQQ_7r6Yo6Jl\">\n<div data-brz-translate-text=\"1\">\n<p class=\"brz-fsft-lg-0 brz-fwdth-lg-100 brz-vfw-lg-400 brz-lh-lg-1_9 brz-ls-lg-0 brz-fw-lg-400 brz-fss-lg-px brz-fs-lg-16 brz-ft-google brz-ff-playfair_display brz-tp-lg-empty brz-text-lg-justify brz-css-avb_r\" data-generated-css=\"brz-css-pc0oj\" data-uniq-id=\"exr9_\"><span>A participat la Conciliile IV, VI \u0219i VII de la Toledo[200]. Actele Conciliului al XII-lea de la Toledo atest\u0103 cultul sfintelor sale moa\u0219te[201]. Locul unde s-au aflat sfintele moa\u0219te &#8211; villulae Aquis &#8211; este probabil ora\u0219ul Chaves din Portugalia (lat. Aquae Flaviae).<\/span><\/p>\n<p class=\"brz-fsft-lg-0 brz-fwdth-lg-100 brz-vfw-lg-400 brz-lh-lg-1_9 brz-ls-lg-0 brz-fw-lg-400 brz-fss-lg-px brz-fs-lg-16 brz-ft-google brz-ff-playfair_display brz-tp-lg-empty brz-text-lg-justify brz-css-lGJjS\" data-generated-css=\"brz-css-vjkE4\" data-uniq-id=\"nAmOF\"><span>[201] Conciliile vizigote&#8230; P. 390<\/span><\/p>\n<\/div>\n<\/div>\n<\/div>\n<\/div>\n<\/div>\n<\/section>\n<section id=\"9c5c1f6ff3f9d1eb12f7_vchWAlYGUT1I\" class=\"brz-section brz-css-xapw21 brz-css-1be0qf6\">\n<div class=\"brz-section__content brz-section--boxed brz-css-zk1l64 brz-css-1h0m8lk\" data-brz-custom-id=\"uV9jaCdPxXnH\">\n<div class=\"brz-container brz-css-1ej22f4 brz-css-1bwdko2\">\n<div id=\"\" class=\"brz-css-91sxsl brz-css-174zx6q brz-wrapper\">\n<div class=\"brz-rich-text brz-rich-text__custom brz-css-u08euo brz-css-1d088ov\" data-brz-custom-id=\"sG5UqL5TL71D\">\n<div data-brz-translate-text=\"1\">\n<h2 class=\"brz-tp-lg-heading2 brz-css-huK3B\" data-uniq-id=\"gRBWL\" data-generated-css=\"brz-css-fiydu\"><span>14 octombrie &#8211; Sfin\u021bii Ver\u00edssimo, M\u00e1xima \u0219i J\u00falia din Lisabona, martiri (c. 303)<\/span><\/h2>\n<\/div>\n<\/div>\n<\/div>\n<div id=\"\" class=\"brz-css-91sxsl brz-css-1ayuthz brz-wrapper\">\n<div class=\"brz-rich-text brz-rich-text__custom brz-css-u08euo brz-css-1iwdkjw\" data-brz-custom-id=\"g8vKbmWjvw5l\">\n<div data-brz-translate-text=\"1\">\n<p class=\"brz-fsft-lg-0 brz-fwdth-lg-100 brz-vfw-lg-400 brz-lh-lg-1_9 brz-ls-lg-0 brz-fw-lg-400 brz-fss-lg-px brz-fs-lg-16 brz-ft-google brz-ff-playfair_display brz-tp-lg-empty brz-text-lg-justify brz-css-oixnb\" data-generated-css=\"brz-css-ktpSJ\" data-uniq-id=\"cR0Je\"><span>Numele lor apar at\u00e2t \u00een Martirologiul lui Usuardo, c\u00e2t \u0219i \u00een Calendarul lui Recemundo. Potrivit lui Frabrega Grau, Patimile lor din \u201ePasonario Hisp\u00e1nico\u201d au fost scrise \u00eenainte de jum\u0103tatea secolului al X-lea[211]. Sfintele sale moa\u0219te se afl\u0103 \u00een M\u0103n\u0103stirea Santos-o-Novo din Lisabona.<\/span><\/p>\n<p class=\"brz-fsft-lg-0 brz-fwdth-lg-100 brz-vfw-lg-400 brz-lh-lg-1_9 brz-ls-lg-0 brz-fw-lg-400 brz-fss-lg-px brz-fs-lg-16 brz-ft-google brz-ff-playfair_display brz-tp-lg-empty brz-text-lg-justify brz-css-rhzFm\" data-generated-css=\"brz-css-fkQAH\" data-uniq-id=\"k2xJD\"><span>[211] Fabregas Grau. Pasionario. Vol. I. P. 217.<\/span><\/p>\n<\/div>\n<\/div>\n<\/div>\n<\/div>\n<\/div>\n<\/section>\n<section id=\"3a2bc65561656d5f42a5_p3TbAcfL5JF_\" class=\"brz-section brz-css-i33ng8 brz-css-1ae6n5d\">\n<div class=\"brz-section__content brz-section--boxed brz-css-e1y76t brz-css-em9e4r\" data-brz-custom-id=\"lIbA1byFYT78\">\n<div class=\"brz-container brz-css-1v4hb87 brz-css-165v06j\">\n<div id=\"\" class=\"brz-css-17incsf brz-css-32ed5l brz-wrapper\">\n<div class=\"brz-rich-text brz-rich-text__custom brz-css-1uq0z2n brz-css-1u20nfg\" data-brz-custom-id=\"qcMOXa0EG2y7\">\n<div data-brz-translate-text=\"1\">\n<h2 class=\"brz-tp-lg-heading2 brz-css-rAE43\" data-uniq-id=\"aV9of\" data-generated-css=\"brz-css-ymyb5\"><span>2 noiembrie &#8211; Sf\u00e2nta Irene de Santarem (secolul al VII-lea) <\/span><\/h2>\n<\/div>\n<\/div>\n<\/div>\n<div id=\"\" class=\"brz-css-17incsf brz-css-1a09jav brz-wrapper\">\n<div class=\"brz-rich-text brz-rich-text__custom brz-css-1uq0z2n brz-css-17r7lxs\" data-brz-custom-id=\"jl82_cXVhyf6\">\n<div data-brz-translate-text=\"1\">\n<p class=\"brz-fsft-lg-0 brz-fwdth-lg-100 brz-vfw-lg-400 brz-lh-lg-1_9 brz-ls-lg-0 brz-fw-lg-400 brz-fss-lg-px brz-fs-lg-16 brz-ft-google brz-ff-playfair_display brz-tp-lg-empty brz-text-lg-justify brz-css-wwhEt\" data-generated-css=\"brz-css-cOeoh\" data-uniq-id=\"deKuo\"><span>Prima atestare a cultului ei se g\u0103se\u0219te \u00een Antifonarul lui Le\u00f3n. Este foarte probabil ca originea numelui ora\u0219ului Santar\u00e9m din Portugalia s\u0103 vin\u0103 de la numele ei.<\/span><\/p>\n<\/div>\n<\/div>\n<\/div>\n<\/div>\n<\/div>\n<\/section><\/div>\n<p><!-- version:1764333954 --><\/p>\n","protected":false},"excerpt":{"rendered":"<p>Sinaxarul Sfin\u021bilor care au vie\u021buit \u00een Portugalia 11 martie &#8211; Sf\u00e2ntul Torcuato, Episcop de Braga (719) Martirizat de musulmani. Sfintele sale moa\u0219te se afl\u0103 \u00een biserica din Guimar\u00e3es. 2 aprilie &#8211; Sf\u00e2ntul Martin, arhiepiscop de Braga (580) Sf\u00e2ntul Martin de Braga (\u00een portughez\u0103 cunoscut ca Martinho de Dume, cca. 520\u2013580 d.Hr.), cunoscut \u0219i sub numele [&hellip;]<\/p>\n","protected":false},"author":1,"featured_media":0,"parent":0,"menu_order":0,"comment_status":"closed","ping_status":"closed","template":"","meta":{"footnotes":""},"class_list":["post-214","page","type-page","status-publish","hentry"],"blocksy_meta":{"has_hero_section":"disabled","vertical_spacing_source":"custom","content_area_spacing":"none","styles_descriptor":{"styles":{"desktop":"","tablet":"","mobile":""},"google_fonts":[],"version":6}},"brizy_media":[],"_links":{"self":[{"href":"https:\/\/possp.pt\/pt\/wp-json\/wp\/v2\/pages\/214","targetHints":{"allow":["GET"]}}],"collection":[{"href":"https:\/\/possp.pt\/pt\/wp-json\/wp\/v2\/pages"}],"about":[{"href":"https:\/\/possp.pt\/pt\/wp-json\/wp\/v2\/types\/page"}],"author":[{"embeddable":true,"href":"https:\/\/possp.pt\/pt\/wp-json\/wp\/v2\/users\/1"}],"replies":[{"embeddable":true,"href":"https:\/\/possp.pt\/pt\/wp-json\/wp\/v2\/comments?post=214"}],"version-history":[{"count":30,"href":"https:\/\/possp.pt\/pt\/wp-json\/wp\/v2\/pages\/214\/revisions"}],"predecessor-version":[{"id":900,"href":"https:\/\/possp.pt\/pt\/wp-json\/wp\/v2\/pages\/214\/revisions\/900"}],"wp:attachment":[{"href":"https:\/\/possp.pt\/pt\/wp-json\/wp\/v2\/media?parent=214"}],"curies":[{"name":"wp","href":"https:\/\/api.w.org\/{rel}","templated":true}]}}